{"id":4742,"date":"2020-12-04T16:55:45","date_gmt":"2020-12-04T15:55:45","guid":{"rendered":"http:\/\/cd06ffme.fr\/WordPress3\/?page_id=4742"},"modified":"2026-03-10T12:56:52","modified_gmt":"2026-03-10T11:56:52","slug":"nos-clubs","status":"publish","type":"page","link":"http:\/\/cd06ffme.fr\/WordPress3\/nos-clubs\/","title":{"rendered":"Nos Clubs"},"content":{"rendered":"<p><span style=\"font-family: helvetica, arial, sans-serif; font-size: 24pt;\">Liste des <strong>clubs<\/strong> affili\u00e9s au <strong>Comit\u00e9 territorial des Alpes Maritimes FFME<\/strong><\/span><\/p>\n<ul>\n<li><a href=\"https:\/\/www.ffme.fr\/club\/1172\/\" target=\"_blank\" rel=\"noopener\">A.P.A.C.H.E.S<\/a> : Contes<\/li>\n<li><a href=\"https:\/\/www.ffme.fr\/club\/1188\/\" target=\"_blank\" rel=\"noopener\">A.S.S.A<\/a> : Antibes<\/li>\n<li><a href=\"https:\/\/www.ffme.fr\/club\/3388\/\" target=\"_blank\" rel=\"noopener\">ASSOCIATION CLUB DE KELOTRAMPO STADE LAURENTIN<\/a> : Saint Laurent Du Var<\/li>\n<li><a href=\"https:\/\/www.ffme.fr\/club\/2548\/\" target=\"_blank\" rel=\"noopener\">ASSOCIATION OMNISPORTS DE TOURRETTE LEVENS<\/a> : Tourette-Levens<\/li>\n<li><a href=\"https:\/\/www.ffme.fr\/club\/1164\/\" target=\"_blank\" rel=\"noopener\">AZUR AVENTURE<\/a> : Valbonne<\/li>\n<li><a href=\"https:\/\/www.ffme.fr\/club\/1178\/\" target=\"_blank\" rel=\"noopener\">BAOU ESCALADE<\/a> : Saint Jeannet<\/li>\n<li><a href=\"https:\/\/www.ffme.fr\/club\/2054\/\" target=\"_blank\" rel=\"noopener\">VAL DE GRIMPE<\/a> : Villeneuve Loubet<\/li>\n<li><a href=\"https:\/\/www.ffme.fr\/club\/4202\/\" target=\"_blank\" rel=\"noopener\">ESVL ESCALADE :<\/a> Villeneuve Loubet<\/li>\n<li><a href=\"https:\/\/www.ffme.fr\/club\/1174.html\/\" target=\"_blank\" rel=\"noopener\">ART BLOC SECTION SPORTIVE<\/a> : Nice<\/li>\n<li><a href=\"https:\/\/www.myffme.fr\/structure\/blocparty\" target=\"_blank\" rel=\"noopener\">BLOCPARTY :<\/a> Mougins<\/li>\n<li><a href=\"https:\/\/www.ffme.fr\/club\/1384\/\" target=\"_blank\" rel=\"noopener\">CAMINA<\/a> : Puget Therniers<\/li>\n<li><a href=\"https:\/\/www.ffme.fr\/club\/1425\/\" target=\"_blank\" rel=\"noopener\">CAP NATURE<\/a> : Carros<\/li>\n<li><a href=\"https:\/\/www.ffme.fr\/club\/1159\/\" target=\"_blank\" rel=\"noopener\">CLUB OMNISPORTS VALBONNE<\/a> : Valbonne<\/li>\n<li><a href=\"https:\/\/www.ffme.fr\/club\/1180\/\" target=\"_blank\" rel=\"noopener\">ESCALE<\/a> : Saint Martin Du Var<\/li>\n<li><a href=\"https:\/\/www.ffme.fr\/club\/1157\/\" target=\"_blank\" rel=\"noopener\">GRIMP&rsquo;AZUR<\/a> : Nice<\/li>\n<li><a href=\"https:\/\/www.ffme.fr\/club\/1186\/\" target=\"_blank\" rel=\"noopener\">GROUPE MONTAGNE ALTITUDE 500<\/a> : Grasse<\/li>\n<li><a href=\"https:\/\/www.ffme.fr\/club\/1645\/\" target=\"_blank\" rel=\"noopener\">LA ROCHE AUX ABEILLES<\/a> : Belv\u00e9d\u00e8re<\/li>\n<li><a href=\"https:\/\/www.ffme.fr\/club\/3283\/\" target=\"_blank\" rel=\"noopener\">LE ROC SUR SIAGNE ESCALADE ET CANYON<\/a> : Roquette Sur Siagne<\/li>\n<li><a href=\"https:\/\/www.ffme.fr\/club\/2291\/\" target=\"_blank\" rel=\"noopener\">PREMIER DE CORDEE &#8211; VENCE ESCALADE<\/a> : Vence<\/li>\n<li><a href=\"https:\/\/www.ffme.fr\/club\/1163\/\" target=\"_blank\" rel=\"noopener\">SKI CLUB<\/a> : Nice<\/li>\n<li><a href=\"https:\/\/www.ffme.fr\/club\/1557\/\" target=\"_blank\" rel=\"noopener\">SPORTING CLUB MOUANS-SARTOUX RANDONNE<\/a> : Mouans Sartoux.<\/li>\n<li><a href=\"https:\/\/www.ffme.fr\/club\/2394\/\" target=\"_blank\" rel=\"noopener\">TEAM ALPI MERCANTOUR<\/a> : Saint Etienne De La Tin\u00e9e<\/li>\n<li><a href=\"https:\/\/www.ffme.fr\/club\/1985\/\" target=\"_blank\" rel=\"noopener\">TRINITE SPORT ESCALADE<\/a> : La Trinit\u00e9<\/li>\n<li><a href=\"https:\/\/www.ffme.fr\/club\/1175\/\" target=\"_blank\" rel=\"noopener\">UNION SPORTIVE CAGNES<\/a> : Cagnes Sur Mer<\/li>\n<\/ul>\n<p><span style=\"color: #ffffff;\"><span style=\"font-family: helvetica, arial, sans-serif; font-size: 18pt;\">Pour retrouver l\u2019ensemble des structures affili\u00e9s \u00e0 la FFME : <\/span><a style=\"color: #ffffff;\" href=\"https:\/\/www.ffme.fr\/ffme\/espace-structure\/structures-liste\/\"><span style=\"font-family: helvetica, arial, sans-serif; font-size: 18pt;\"><strong>CLIQUEZ ICI<\/strong><\/span><\/a><\/span><\/p>\n","protected":false},"excerpt":{"rendered":"<p>Liste des clubs affili\u00e9s au Comit\u00e9 territorial des Alpes Maritimes FFME A.P.A.C.H.E.S : Contes A.S.S.A : Antibes ASSOCIATION CLUB DE KELOTRAMPO STADE LAURENTIN : Saint Laurent Du Var ASSOCIATION OMNISPORTS [&hellip;]<\/p>\n","protected":false},"author":2991,"featured_media":0,"parent":0,"menu_order":0,"comment_status":"closed","ping_status":"closed","template":"templates\/template-full-width.php","meta":{"jetpack_post_was_ever_published":false,"footnotes":""},"yoast_head":"<!-- This site is optimized with the Yoast SEO plugin v21.5 - https:\/\/yoast.com\/wordpress\/plugins\/seo\/ -->\n<title>Nos Clubs | F\u00e9d\u00e9ration Fran\u00e7aise Montagne Escalade<\/title>\n<meta name=\"robots\" content=\"index, follow, max-snippet:-1, max-image-preview:large, max-video-preview:-1\" \/>\n<link rel=\"canonical\" href=\"http:\/\/cd06ffme.fr\/WordPress3\/nos-clubs\/\" \/>\n<meta property=\"og:locale\" content=\"fr_FR\" \/>\n<meta property=\"og:type\" content=\"article\" \/>\n<meta property=\"og:title\" content=\"Nos Clubs | F\u00e9d\u00e9ration Fran\u00e7aise Montagne Escalade\" \/>\n<meta property=\"og:description\" content=\"Liste des clubs affili\u00e9s au Comit\u00e9 territorial des Alpes Maritimes FFME A.P.A.C.H.E.S : Contes A.S.S.A : Antibes ASSOCIATION CLUB DE KELOTRAMPO STADE LAURENTIN : Saint Laurent Du Var ASSOCIATION OMNISPORTS [&hellip;]\" \/>\n<meta property=\"og:url\" content=\"http:\/\/cd06ffme.fr\/WordPress3\/nos-clubs\/\" \/>\n<meta property=\"og:site_name\" content=\"F\u00e9d\u00e9ration Fran\u00e7aise Montagne Escalade\" \/>\n<meta property=\"article:publisher\" content=\"https:\/\/www.facebook.com\/CT06FFME\" \/>\n<meta property=\"article:modified_time\" content=\"2026-03-10T11:56:52+00:00\" \/>\n<meta name=\"twitter:card\" content=\"summary_large_image\" \/>\n<meta name=\"twitter:label1\" content=\"Dur\u00e9e de lecture estim\u00e9e\" \/>\n\t<meta name=\"twitter:data1\" content=\"1 minute\" \/>\n<script type=\"application\/ld+json\" class=\"yoast-schema-graph\">{\"@context\":\"https:\/\/schema.org\",\"@graph\":[{\"@type\":\"WebPage\",\"@id\":\"http:\/\/cd06ffme.fr\/WordPress3\/nos-clubs\/\",\"url\":\"http:\/\/cd06ffme.fr\/WordPress3\/nos-clubs\/\",\"name\":\"Nos Clubs | F\u00e9d\u00e9ration Fran\u00e7aise Montagne Escalade\",\"isPartOf\":{\"@id\":\"https:\/\/cd06ffme.fr\/WordPress3\/#website\"},\"datePublished\":\"2020-12-04T15:55:45+00:00\",\"dateModified\":\"2026-03-10T11:56:52+00:00\",\"breadcrumb\":{\"@id\":\"http:\/\/cd06ffme.fr\/WordPress3\/nos-clubs\/#breadcrumb\"},\"inLanguage\":\"fr-FR\",\"potentialAction\":[{\"@type\":\"ReadAction\",\"target\":[\"http:\/\/cd06ffme.fr\/WordPress3\/nos-clubs\/\"]}]},{\"@type\":\"BreadcrumbList\",\"@id\":\"http:\/\/cd06ffme.fr\/WordPress3\/nos-clubs\/#breadcrumb\",\"itemListElement\":[{\"@type\":\"ListItem\",\"position\":1,\"name\":\"Accueil\",\"item\":\"http:\/\/cd06ffme.fr\/WordPress3\/\"},{\"@type\":\"ListItem\",\"position\":2,\"name\":\"Nos Clubs\"}]},{\"@type\":\"WebSite\",\"@id\":\"https:\/\/cd06ffme.fr\/WordPress3\/#website\",\"url\":\"https:\/\/cd06ffme.fr\/WordPress3\/\",\"name\":\"F\u00e9d\u00e9ration Fran\u00e7aise Montagne Escalade 06\",\"description\":\"\",\"publisher\":{\"@id\":\"https:\/\/cd06ffme.fr\/WordPress3\/#organization\"},\"potentialAction\":[{\"@type\":\"SearchAction\",\"target\":{\"@type\":\"EntryPoint\",\"urlTemplate\":\"https:\/\/cd06ffme.fr\/WordPress3\/?s={search_term_string}\"},\"query-input\":\"required name=search_term_string\"}],\"inLanguage\":\"fr-FR\"},{\"@type\":\"Organization\",\"@id\":\"https:\/\/cd06ffme.fr\/WordPress3\/#organization\",\"name\":\"Comit\u00e9 Territorial des Alpes Maritimes F\u00e9d\u00e9ration Fran\u00e7aise de Montagne et d'Escalade\",\"url\":\"https:\/\/cd06ffme.fr\/WordPress3\/\",\"logo\":{\"@type\":\"ImageObject\",\"inLanguage\":\"fr-FR\",\"@id\":\"https:\/\/cd06ffme.fr\/WordPress3\/#\/schema\/logo\/image\/\",\"url\":\"https:\/\/i0.wp.com\/cd06ffme.fr\/WordPress3\/wp-content\/uploads\/2020\/12\/cropped-FFME_LOGO_INSTIT_SECONDAIRE_FOND_CLAIR_CMJN-2-1.png?fit=1705%2C547\",\"contentUrl\":\"https:\/\/i0.wp.com\/cd06ffme.fr\/WordPress3\/wp-content\/uploads\/2020\/12\/cropped-FFME_LOGO_INSTIT_SECONDAIRE_FOND_CLAIR_CMJN-2-1.png?fit=1705%2C547\",\"width\":1705,\"height\":547,\"caption\":\"Comit\u00e9 Territorial des Alpes Maritimes F\u00e9d\u00e9ration Fran\u00e7aise de Montagne et d'Escalade\"},\"image\":{\"@id\":\"https:\/\/cd06ffme.fr\/WordPress3\/#\/schema\/logo\/image\/\"},\"sameAs\":[\"https:\/\/www.facebook.com\/CT06FFME\",\"https:\/\/www.instagram.com\/ct06_ffme_montagne_escalade\/\",\"https:\/\/www.youtube.com\/channel\/UCOfq1FRfAZlbV6N7LCCd-lg\"]}]}<\/script>\n<!-- \/ Yoast SEO plugin. -->","yoast_head_json":{"title":"Nos Clubs | F\u00e9d\u00e9ration Fran\u00e7aise Montagne Escalade","robots":{"index":"index","follow":"follow","max-snippet":"max-snippet:-1","max-image-preview":"max-image-preview:large","max-video-preview":"max-video-preview:-1"},"canonical":"http:\/\/cd06ffme.fr\/WordPress3\/nos-clubs\/","og_locale":"fr_FR","og_type":"article","og_title":"Nos Clubs | F\u00e9d\u00e9ration Fran\u00e7aise Montagne Escalade","og_description":"Liste des clubs affili\u00e9s au Comit\u00e9 territorial des Alpes Maritimes FFME A.P.A.C.H.E.S : Contes A.S.S.A : Antibes ASSOCIATION CLUB DE KELOTRAMPO STADE LAURENTIN : Saint Laurent Du Var ASSOCIATION OMNISPORTS [&hellip;]","og_url":"http:\/\/cd06ffme.fr\/WordPress3\/nos-clubs\/","og_site_name":"F\u00e9d\u00e9ration Fran\u00e7aise Montagne Escalade","article_publisher":"https:\/\/www.facebook.com\/CT06FFME","article_modified_time":"2026-03-10T11:56:52+00:00","twitter_card":"summary_large_image","twitter_misc":{"Dur\u00e9e de lecture estim\u00e9e":"1 minute"},"schema":{"@context":"https:\/\/schema.org","@graph":[{"@type":"WebPage","@id":"http:\/\/cd06ffme.fr\/WordPress3\/nos-clubs\/","url":"http:\/\/cd06ffme.fr\/WordPress3\/nos-clubs\/","name":"Nos Clubs | F\u00e9d\u00e9ration Fran\u00e7aise Montagne Escalade","isPartOf":{"@id":"https:\/\/cd06ffme.fr\/WordPress3\/#website"},"datePublished":"2020-12-04T15:55:45+00:00","dateModified":"2026-03-10T11:56:52+00:00","breadcrumb":{"@id":"http:\/\/cd06ffme.fr\/WordPress3\/nos-clubs\/#breadcrumb"},"inLanguage":"fr-FR","potentialAction":[{"@type":"ReadAction","target":["http:\/\/cd06ffme.fr\/WordPress3\/nos-clubs\/"]}]},{"@type":"BreadcrumbList","@id":"http:\/\/cd06ffme.fr\/WordPress3\/nos-clubs\/#breadcrumb","itemListElement":[{"@type":"ListItem","position":1,"name":"Accueil","item":"http:\/\/cd06ffme.fr\/WordPress3\/"},{"@type":"ListItem","position":2,"name":"Nos Clubs"}]},{"@type":"WebSite","@id":"https:\/\/cd06ffme.fr\/WordPress3\/#website","url":"https:\/\/cd06ffme.fr\/WordPress3\/","name":"F\u00e9d\u00e9ration Fran\u00e7aise Montagne Escalade 06","description":"","publisher":{"@id":"https:\/\/cd06ffme.fr\/WordPress3\/#organization"},"potentialAction":[{"@type":"SearchAction","target":{"@type":"EntryPoint","urlTemplate":"https:\/\/cd06ffme.fr\/WordPress3\/?s={search_term_string}"},"query-input":"required name=search_term_string"}],"inLanguage":"fr-FR"},{"@type":"Organization","@id":"https:\/\/cd06ffme.fr\/WordPress3\/#organization","name":"Comit\u00e9 Territorial des Alpes Maritimes F\u00e9d\u00e9ration Fran\u00e7aise de Montagne et d'Escalade","url":"https:\/\/cd06ffme.fr\/WordPress3\/","logo":{"@type":"ImageObject","inLanguage":"fr-FR","@id":"https:\/\/cd06ffme.fr\/WordPress3\/#\/schema\/logo\/image\/","url":"https:\/\/i0.wp.com\/cd06ffme.fr\/WordPress3\/wp-content\/uploads\/2020\/12\/cropped-FFME_LOGO_INSTIT_SECONDAIRE_FOND_CLAIR_CMJN-2-1.png?fit=1705%2C547","contentUrl":"https:\/\/i0.wp.com\/cd06ffme.fr\/WordPress3\/wp-content\/uploads\/2020\/12\/cropped-FFME_LOGO_INSTIT_SECONDAIRE_FOND_CLAIR_CMJN-2-1.png?fit=1705%2C547","width":1705,"height":547,"caption":"Comit\u00e9 Territorial des Alpes Maritimes F\u00e9d\u00e9ration Fran\u00e7aise de Montagne et d'Escalade"},"image":{"@id":"https:\/\/cd06ffme.fr\/WordPress3\/#\/schema\/logo\/image\/"},"sameAs":["https:\/\/www.facebook.com\/CT06FFME","https:\/\/www.instagram.com\/ct06_ffme_montagne_escalade\/","https:\/\/www.youtube.com\/channel\/UCOfq1FRfAZlbV6N7LCCd-lg"]}]}},"jetpack_sharing_enabled":false,"jetpack_shortlink":"https:\/\/wp.me\/P2LN8m-1eu","_links":{"self":[{"href":"http:\/\/cd06ffme.fr\/WordPress3\/wp-json\/wp\/v2\/pages\/4742"}],"collection":[{"href":"http:\/\/cd06ffme.fr\/WordPress3\/wp-json\/wp\/v2\/pages"}],"about":[{"href":"http:\/\/cd06ffme.fr\/WordPress3\/wp-json\/wp\/v2\/types\/page"}],"author":[{"embeddable":true,"href":"http:\/\/cd06ffme.fr\/WordPress3\/wp-json\/wp\/v2\/users\/2991"}],"replies":[{"embeddable":true,"href":"http:\/\/cd06ffme.fr\/WordPress3\/wp-json\/wp\/v2\/comments?post=4742"}],"version-history":[{"count":17,"href":"http:\/\/cd06ffme.fr\/WordPress3\/wp-json\/wp\/v2\/pages\/4742\/revisions"}],"predecessor-version":[{"id":7476,"href":"http:\/\/cd06ffme.fr\/WordPress3\/wp-json\/wp\/v2\/pages\/4742\/revisions\/7476"}],"wp:attachment":[{"href":"http:\/\/cd06ffme.fr\/WordPress3\/wp-json\/wp\/v2\/media?parent=4742"}],"curies":[{"name":"wp","href":"https:\/\/api.w.org\/{rel}","templated":true}]}}